{"id":23417493,"date":"2023-10-20T17:13:10","date_gmt":"2023-10-20T15:13:10","guid":{"rendered":"https:\/\/gesundheitssenat.de\/?page_id=23417493"},"modified":"2026-09-01T14:25:28","modified_gmt":"2026-09-01T14:25:28","slug":"startseite","status":"publish","type":"page","link":"https:\/\/gesundheitssenat.de\/","title":{"rendered":"Welcome"},"content":{"rendered":"<p>[et_pb_section fb_built=&#8220;1&#8243; next_background_color=&#8220;#ffffff&#8220; admin_label=&#8220;Horizontal Timeline Demo 3&#8243; _builder_version=&#8220;4.27.8&#8243; _module_preset=&#8220;default&#8220; background_enable_color=&#8220;off&#8220; background_video_mp4=&#8220;https:\/\/gesundheitssenat.de\/wp-content\/uploads\/2026\/09\/DMS-Video-1.mp4&#8243; custom_padding=&#8220;100px|||||&#8220; bottom_divider_style=&#8220;curve2&#8243; locked=&#8220;off&#8220; collapsed=&#8220;on&#8220; global_colors_info=&#8220;{}&#8220;][et_pb_row _builder_version=&#8220;4.17.2&#8243; _module_preset=&#8220;default&#8220; width=&#8220;90%&#8220; max_width=&#8220;1570px&#8220; custom_padding=&#8220;122px||94px|||&#8220; global_colors_info=&#8220;{}&#8220;][et_pb_column type=&#8220;4_4&#8243; _builder_version=&#8220;4.17.1&#8243; _module_preset=&#8220;default&#8220; global_colors_info=&#8220;{}&#8220;][et_pb_text _builder_version=&#8220;4.24.0&#8243; _module_preset=&#8220;default&#8220; header_2_font=&#8220;Poppins|700|||||||&#8220; header_2_text_align=&#8220;center&#8220; header_2_text_color=&#8220;#FFFFFF&#8220; header_2_font_size=&#8220;55px&#8220; header_2_font_size_tablet=&#8220;55px&#8220; header_2_font_size_phone=&#8220;39px&#8220; header_2_font_size_last_edited=&#8220;on|phone&#8220; global_colors_info=&#8220;{}&#8220;]<\/p>\n<h2>Gemeinsam Pr\u00e4vention<\/h2>\n<p>[\/et_pb_text][dipi_typing_text typing_text=&#8220;aktiv gestalten | neu denken | durch Wissenschaft und Praxis st\u00e4rken&#8220; _builder_version=&#8220;4.27.8&#8243; _module_preset=&#8220;default&#8220; text_text_align=&#8220;center&#8220; typing_text_color=&#8220;#F1F1F1&#8243; typing_font_size=&#8220;48px&#8220; module_alignment=&#8220;center&#8220; custom_margin=&#8220;||152px|||&#8220; hover_enabled=&#8220;0&#8243; typing_font_size_tablet=&#8220;48px&#8220; typing_font_size_phone=&#8220;29px&#8220; typing_font_size_last_edited=&#8220;on|phone&#8220; global_colors_info=&#8220;{}&#8220; sticky_enabled=&#8220;0&#8243;][\/dipi_typing_text][\/et_pb_column][\/et_pb_row][\/et_pb_section][et_pb_section fb_built=&#8220;1&#8243; _builder_version=&#8220;4.16&#8243; _module_preset=&#8220;default&#8220; custom_padding=&#8220;62px|||||&#8220; locked=&#8220;off&#8220; global_colors_info=&#8220;{}&#8220;][et_pb_row column_structure=&#8220;1_2,1_2&#8243; _builder_version=&#8220;4.16&#8243; _module_preset=&#8220;default&#8220; custom_margin=&#8220;||15px||false|false&#8220; global_colors_info=&#8220;{}&#8220; content_max_width_tablet=&#8220;1100px&#8220; content_max_width_phone=&#8220;1100px&#8220; content_max_width_last_edited=&#8220;on|tablet&#8220;][et_pb_column type=&#8220;1_2&#8243; _builder_version=&#8220;4.16&#8243; _module_preset=&#8220;default&#8220; global_colors_info=&#8220;{}&#8220;][dipi_dual_heading first_heading=&#8220;WISSENSCHAFT UND FORSCHUNG&#8220; use_background_text=&#8220;on&#8220; background_text=&#8220;stiftung&#8220; fh_padding=&#8220;0px|10px|0px|10px|false|true&#8220; bt_position_vertical=&#8220;25%&#8220; bt_style=&#8220;stroke&#8220; bt_stroke_color=&#8220;#e9ecef&#8220; bt_stroke_fill=&#8220;RGBA(255,255,255,0)&#8220; background_text_color_gradient_direction=&#8220;90deg&#8220; background_text_color_gradient_stops=&#8220;#00235a 0%|#7d8aa1 100%&#8220; background_text_color_gradient_start=&#8220;#00235a&#8220; background_text_color_gradient_end=&#8220;#7d8aa1&#8243; bt_padding=&#8220;0px|0px|0px||false|false&#8220; bt_margin=&#8220;|0px|0px|10px|false|false&#8220; _builder_version=&#8220;4.22.1&#8243; _module_preset=&#8220;default&#8220; first_heading_text_color=&#8220;#FE5E15&#8243; first_heading_font_size=&#8220;14px&#8220; first_heading_letter_spacing=&#8220;3px&#8220; background_text_font=&#8220;|||on|||||&#8220; background_text_text_align=&#8220;left&#8220; background_text_font_size=&#8220;80px&#8220; text_orientation=&#8220;left&#8220; custom_margin=&#8220;||||false|false&#8220; background_text_font_size_tablet=&#8220;80px&#8220; background_text_font_size_phone=&#8220;50px&#8220; background_text_font_size_last_edited=&#8220;on|phone&#8220; custom_css_main_element=&#8220;margin-bottom: 25px !important;&#8220; border_color_left=&#8220;#FE5E15&#8243; border_width_left_bt_border=&#8220;5px&#8220; locked=&#8220;off&#8220; global_colors_info=&#8220;{}&#8220; background_text_text_color__hover_enabled=&#8220;off|desktop&#8220; overlay_bg_color_gradient_type_tablet=&#8220;linear&#8220; overlay_bg_color_gradient_type_phone=&#8220;linear&#8220; overlay_bg_color_gradient_type__hover=&#8220;linear&#8220; image_bg_color_gradient_type__hover=&#8220;linear&#8220;][\/dipi_dual_heading][et_pb_text _builder_version=&#8220;4.24.0&#8243; _module_preset=&#8220;default&#8220; header_2_font=&#8220;|700|||||||&#8220; header_2_font_size=&#8220;35px&#8220; header_2_line_height=&#8220;1.5em&#8220; min_height=&#8220;69px&#8220; custom_margin=&#8220;||10px||false|false&#8220; hover_enabled=&#8220;0&#8243; header_2_font_size_tablet=&#8220;35px&#8220; header_2_font_size_phone=&#8220;30px&#8220; header_2_font_size_last_edited=&#8220;on|desktop&#8220; global_colors_info=&#8220;{}&#8220; sticky_enabled=&#8220;0&#8243;]<\/p>\n<h2>Gemeinsam Gesundheit &amp; Pr\u00e4vention aktiv gestalten<\/h2>\n<p>[\/et_pb_text][et_pb_text _builder_version=&#8220;4.27.8&#8243; _module_preset=&#8220;default&#8220; hover_enabled=&#8220;0&#8243; sticky_enabled=&#8220;0&#8243;]<\/p>\n<h3><em>Longevity durch Wissenschaft und Praxis st\u00e4rken<\/em><\/h3>\n<p>[\/et_pb_text][et_pb_blurb title=&#8220;idelle Partnerschaft und Zusammenarbeit mit dem Senat der Wirtschaft&#8220; use_icon=&#8220;on&#8220; font_icon=&#8220;&#xe050;||divi||400&#8243; icon_color=&#8220;#FE5E15&#8243; icon_placement=&#8220;left&#8220; image_icon_width=&#8220;15px&#8220; content_max_width=&#8220;1100px&#8220; content_max_width_tablet=&#8220;1100px&#8220; content_max_width_phone=&#8220;1100px&#8220; content_max_width_last_edited=&#8220;on|tablet&#8220; _builder_version=&#8220;4.24.0&#8243; _module_preset=&#8220;default&#8220; header_font=&#8220;Poppins||||||||&#8220; header_text_color=&#8220;#333333&#8243; header_font_size=&#8220;16px&#8220; header_line_height=&#8220;1.1em&#8220; custom_margin=&#8220;||15px||false|false&#8220; module_alignment_tablet=&#8220;left&#8220; module_alignment_phone=&#8220;left&#8220; module_alignment_last_edited=&#8220;on|tablet&#8220; custom_css_blurb_title=&#8220;margin-left: -20px;&#8220; global_colors_info=&#8220;{}&#8220;][\/et_pb_blurb][et_pb_blurb title=&#8220;privilegierte Zusammenarbeit mit Entscheidern und Entscheiderinnen aus Wirtschaft, Politik und Wissenschaft&#8220; use_icon=&#8220;on&#8220; font_icon=&#8220;&#xe050;||divi||400&#8243; icon_color=&#8220;#FE5E15&#8243; icon_placement=&#8220;left&#8220; image_icon_width=&#8220;15px&#8220; content_max_width=&#8220;1100px&#8220; content_max_width_tablet=&#8220;1100px&#8220; content_max_width_phone=&#8220;1100px&#8220; content_max_width_last_edited=&#8220;on|tablet&#8220; _builder_version=&#8220;4.24.0&#8243; _module_preset=&#8220;default&#8220; header_font=&#8220;Poppins||||||||&#8220; header_text_color=&#8220;#333333&#8243; header_font_size=&#8220;16px&#8220; header_line_height=&#8220;1.1em&#8220; custom_margin=&#8220;||15px||false|false&#8220; custom_css_blurb_title=&#8220;margin-left: -20px;&#8220; global_colors_info=&#8220;{}&#8220;][\/et_pb_blurb][et_pb_blurb title=&#8220;Integration in Globales Netzwerk&#8220; use_icon=&#8220;on&#8220; font_icon=&#8220;&#xe050;||divi||400&#8243; icon_color=&#8220;#FE5E15&#8243; icon_placement=&#8220;left&#8220; image_icon_width=&#8220;15px&#8220; content_max_width=&#8220;1100px&#8220; content_max_width_tablet=&#8220;1100px&#8220; content_max_width_phone=&#8220;1100px&#8220; content_max_width_last_edited=&#8220;on|tablet&#8220; _builder_version=&#8220;4.24.0&#8243; _module_preset=&#8220;default&#8220; header_font=&#8220;Poppins||||||||&#8220; header_text_color=&#8220;#333333&#8243; header_font_size=&#8220;16px&#8220; header_line_height=&#8220;1.1em&#8220; custom_margin=&#8220;||15px||false|false&#8220; module_alignment_tablet=&#8220;left&#8220; module_alignment_phone=&#8220;left&#8220; module_alignment_last_edited=&#8220;on|tablet&#8220; custom_css_blurb_title=&#8220;margin-left: -20px;&#8220; global_colors_info=&#8220;{}&#8220;][\/et_pb_blurb][\/et_pb_column][et_pb_column type=&#8220;1_2&#8243; _builder_version=&#8220;4.16&#8243; _module_preset=&#8220;default&#8220; global_colors_info=&#8220;{}&#8220;][et_pb_accordion _builder_version=&#8220;4.27.8&#8243; _module_preset=&#8220;default&#8220; toggle_font=&#8220;||||||||&#8220; toggle_font_size=&#8220;18px&#8220; hover_enabled=&#8220;0&#8243; border_radii=&#8220;on|16px|16px|16px|16px&#8220; border_width_all=&#8220;0px&#8220; locked=&#8220;off&#8220; global_colors_info=&#8220;{}&#8220; sticky_enabled=&#8220;0&#8243;][et_pb_accordion_item title=&#8220;Das ist der Gesundheitssenat \u2013 Gemeinwohl, Exzellenz und Mehrwert&#8220; open=&#8220;on&#8220; _builder_version=&#8220;4.27.8&#8243; _module_preset=&#8220;default&#8220; hover_enabled=&#8220;0&#8243; global_colors_info=&#8220;{}&#8220; toggle_font=&#8220;||||||||&#8220; sticky_enabled=&#8220;0&#8243;]<\/p>\n<p>Der Gesundheitssenat versteht sich als Vereinigung von Pers\u00f6nlichkeiten aus Medizin, Wissenschaft, Heil- und Pflegepers\u00f6nlichkeiten und Unternehmen der Gesundheitswirtschaft.\u00a0<\/p>\n<p>Getragen wird der Gesundheitssenat durch eine evidente Gemeinwohlorientierung.<\/p>\n<p>Er hat gesellschaftliche Relevanz, die aus der Perspektive der Heil- und Gesundheitsberufe zum Wohle der Menschen ausgepr\u00e4gt ist. Hierbei ist auch die nachhaltige St\u00e4rkung der ganzheitlich zu bewertenden Medizin, Oralmedizin, Zahnheilkunde und Allgemeinmedizin mit allen Fachgebieten.<\/p>\n<p>Die Senatorinnen und Senatoren sind sich der Verantwortung f\u00fcr die Menschen im Mittelpunkt eines gesellschaftlichen Gesundheitssystems bewusst.\u00a0<\/p>\n<p>Die Aufgabenstellung ist, L\u00f6sungen f\u00fcr die Gesundheitsthemen, im Sinne der Menschen und zugleich auch unter Beachtung des Gesundheitssystems und der Gesundheitswirtschaft zu gestalten.<\/p>\n<p>Damit verbunden ist auch der Zukunftsgedanken \u2013 die Nachhaltigkeitsziele, die gro\u00dfen Aufgaben der Gesellschaften, national und global.<\/p>\n<p>Gesundheitswirtschaft, Wachstum und zugleich nachhaltiges Denken und Handeln in Kongruenz.<\/p>\n<p>Aus diesem Anspruch resultiert untrennbar ein Werteverst\u00e4ndnis. Das wiederum ist als Gemeinsamkeit der Senatorinnen und Senatoren zu erkennen.<\/p>\n<p>Es zeichnet jedes Mitglied auch als besondere Qualit\u00e4t aus, auch im praktischen Wirken als Arzt oder F\u00fchrungspers\u00f6nlichkeit.<\/p>\n<p>Durch die gemeinsame Beachtung von Werten und durch die grunds\u00e4tzliche Zielaufgabe eine werteorientierte T\u00e4tigkeit f\u00fcr Personen, Praxen oder auch Unternehmen der Gesundheitswirtschaft zu leben, ergibt sich parallel die Selbstverst\u00e4ndlichkeit, dass die Senatsmitglieder auch vergleichbare Werte und somit auch Vertrauensmerkmale haben.\u00a0<\/p>\n<p>Das Miteinander der Senatorinnen und Senatoren wird durch dieses Selbstverst\u00e4ndnis zu einem stetig bereichernden und auch inspirierenden Erleben.<\/p>\n<p>Der interdisziplin\u00e4re Austausch auf dieser Basis des Miteinanders ist ein enormer Mehrwert f\u00fcr alle.<\/p>\n<p>Die Gespr\u00e4che sind durch dieses getragen, ohne es zu \u00fcberziehen, ganz subtil entsteht ein solches Grundgef\u00fchl.<\/p>\n<p>Ein wichtiger Nutzen, Teil des Gesundheitssenat zu sein, ist die Wertegemeinschaft, die grunds\u00e4tzliche Erkenntnis, einer hochwertigen Gruppe anzugeh\u00f6ren.<\/p>\n<p>Es ist eine wesentliche Aufgabe und stetige Zielsetzung, die Gemeinschaft zu pflegen, einer ideellen Gemeinschaft \u201eRaum\u201c zu geben. Die gesellschaftliche Komponente des Gesundheitssenats erlebbar werden zu lassen.<\/p>\n<p>Auch deshalb bietet der Gesundheitssenat, neben der inhaltlichen und politischen Programmatik, begleitend auch hochwertige gesellschaftliche Angebote. Es entsteht das Im Kreis von werteorientierten, tiefsinnigen und besonderen Menschen entsteht fakultativ ein St\u00fcck des pers\u00f6nlichen Erlebniskalenders mit Mehrwert.<\/p>\n<p>[\/et_pb_accordion_item][et_pb_accordion_item title=&#8220;Funktion &#038; Mission des GesundheitsSenats&#8220; open=&#8220;off&#8220; _builder_version=&#8220;4.27.8&#8243; _module_preset=&#8220;default&#8220; hover_enabled=&#8220;0&#8243; global_colors_info=&#8220;{}&#8220; toggle_font=&#8220;||||||||&#8220; sticky_enabled=&#8220;0&#8243;]<\/p>\n<p>Die Mundgesundheit ist ein in der Medizin noch vernachl\u00e4ssigter Bereich, der ein Kernthema der Pr\u00e4vention ganzheitlicher Gesundheit und multikausaler Wirkungen ist.<\/p>\n<p>Der Gesundheitssenat stellt eine gesellschaftlich relevante Institution dar, denn mit der Aufmerksamkeit und Forschung f\u00fcr eine zielorientierte Pr\u00e4vention wird ein Kern der breiten Gesundheitsvorsorge getroffen.<\/p>\n<p>So werden mit der praktischen Erfahrung und fachgerechten wissenschaftlichen Kompetenz der Senatsmitglieder, Impulse im stetigen Dialog mit den f\u00fchrenden Instanzen der Politik, L\u00f6sungsans\u00e4tze eingebracht.<\/p>\n<p>Die Blickrichtung der GesundheitsSenates in der DMS ist nicht allein fixiert auf die Zahnheilkunde, es ist eine ganzheitlich zu setzende Betrachtung, deren wesentliches Ziel die Gesunderhaltung des K\u00f6rpers ist. Damit wird eine nennenswerte Reihe von systemischen Erkrankungen signifikant einged\u00e4mmt und verhindert.<\/p>\n<p>Der Senat ist streng gemeinwohlorientiert, die Vertretung von Partikularinteressen ist nicht der Aufgabenbereich und die Zielsetzung.<\/p>\n<p>Die Mitglieder haben die M\u00f6glichkeit an der politischen Willensbildung relevant zu partizipieren.<\/p>\n<p>Durch diesen Willen zu gemeinwohlorientierten L\u00f6sungsans\u00e4tzen, sind wertebasiertes Denken und plurale Diskurse zum Kern des Gesundheitssenat geworden. So entsteht eine Wertegemeinschaft, die auch f\u00fcr alle Teilnehmenden eine Qualifizierung im eigenen Handeln darstellt.<\/p>\n<p>Das zeichnet jede Senatorin und jeden Senator im Besonderen auch pers\u00f6nlich aus.<\/p>\n<p>[\/et_pb_accordion_item][et_pb_accordion_item title=&#8220;Aus welchen Gremien setzt sich die Stiftung zusammen?&#8220; icon_color=&#8220;#FE5E15&#8243; _builder_version=&#8220;4.27.8&#8243; _module_preset=&#8220;default&#8220; hover_enabled=&#8220;0&#8243; global_colors_info=&#8220;{}&#8220; open=&#8220;off&#8220; sticky_enabled=&#8220;0&#8243;]<\/p>\n<p><em><strong>DER VORSTAND<\/strong><\/em><\/p>\n<p><span style=\"font-weight: 400;\">Der Vorstand ist f\u00fcr die operative F\u00fchrung der Stiftung verantwortlich. Unterst\u00fctzt durch das Kuratorium entwickelt dieser Konzepte, Strategien und Ziele der Stiftung.<\/span><\/p>\n<p>\u00a0<em><strong>DAS PR\u00c4SIDIUM<\/strong><\/em><\/p>\n<p><span style=\"font-weight: 400;\">Das Pr\u00e4sidium begleitet und ber\u00e4t bei der Umsetzung des Stiftungszwecks, repr\u00e4sentiert gegen\u00fcber relevanten gesellschaftlichen, wissenschaftlichen und politischen Institutionen und unterst\u00fctzt den Vorstand und das Kuratorium bei der Entwicklung langfristiger Kooperationen und Projekte.<\/span><\/p>\n<p>\u00a0<em><strong>DAS KURATORIUM<\/strong><\/em><\/p>\n<p>Das Kuratorium unterst\u00fctzt ideell und inhaltlich den Vorstand bei der Arbeit der Stiftung und bei Aufbau des Gesundheitssenats. Hierbei ist die Kooperation mit dem Senat der Wirtschaft eine wichtige Perspektive, die Partnerschaft und nicht Wettbewerb bedeutet.<\/p>\n<p>Die Mitglieder des Kuratoriums k\u00f6nnen einzelne Aufgaben \u00fcbernehmen und auch bei der Berufung von Senatorinnen und Senatoren unterst\u00fctzen. Die Aufgabe ist auch die Zielsetzung des Gesundheitssenats und die Umsetzung der Vision zu st\u00e4rken. Dabei achtet das Kuratorium auf die Grunds\u00e4tze der Gesundheitsstiftung und f\u00f6rdert die Umsetzung nach der folgenden Formel:<\/p>\n<p><strong>Die DMS ist eine Vereinigung von Pers\u00f6nlichkeiten<\/strong> der Medizin, Gesundheitswirtschaft und Wissenschaft, die sich ihrer Verantwortung gegen\u00fcber Staat und Gesellschaft besonders bewusst sind.<\/p>\n<p>Sie tragen durch ihre Mitgliedschaft gemeinsam dazu bei, die Ziele der Stiftung im Dialog mit Entscheidungstr\u00e4gern aus Politik, Wissenschaft und Medien umzusetzen.<\/p>\n<p>So partizipieren die Mitglieder an der politischen Entscheidungsfindung wirkungsvoll.<\/p>\n<p>Ein ausgewogener Kreis von plural und offen denkenden Expertinnen und Experten folgt dem Gemeinwohl, anstatt allein partikularen Interessen.<\/p>\n<p>[\/et_pb_accordion_item][et_pb_accordion_item title=&#8220;Wie wird man GesundheitsSenator?&#8220; icon_color=&#8220;#FE5E15&#8243; _builder_version=&#8220;4.27.8&#8243; _module_preset=&#8220;default&#8220; hover_enabled=&#8220;0&#8243; global_colors_info=&#8220;{}&#8220; open=&#8220;off&#8220; sticky_enabled=&#8220;0&#8243;]<\/p>\n<p><span style=\"font-weight: 400;\">Die Senatoren und Senatorinnen werden von anderen Senatoren bzw. Senatorinnen dem wissenschaftliche Beirat oder dem Expertenbeirat vorgeschlagen. Die eingereichten Bewerbungen werden von mindestens zwei Mitgliedern des Vorstands, Pr\u00e4sidiums und\/oder des Kuratoriums begutachtet. Nach Zustimmung der Mitglieder wird die Bewerberin bzw. der Bewerber als Senator bzw. Senatorin in in den GesundheitsSenat berufen.<\/span><\/p>\n<p>[\/et_pb_accordion_item][\/et_pb_accordion][\/et_pb_column][\/et_pb_row][et_pb_row column_structure=&#8220;1_2,1_2&#8243; _builder_version=&#8220;4.24.0&#8243; _module_preset=&#8220;default&#8220; global_colors_info=&#8220;{}&#8220;][et_pb_column type=&#8220;1_2&#8243; _builder_version=&#8220;4.24.0&#8243; _module_preset=&#8220;default&#8220; global_colors_info=&#8220;{}&#8220;][et_pb_text content_tablet=&#8220;<\/p>\n<p>Wir begr\u00fc\u00dfen die neuen Senator:innen:<\/p>\n<p>&#8220; content_phone=&#8220;<\/p>\n<p style=%22text-align: center;%22>Wir begr\u00fc\u00dfen die neuen Senator:innen:<\/p>\n<p>&#8220; content_last_edited=&#8220;on|phone&#8220; _builder_version=&#8220;4.24.0&#8243; _module_preset=&#8220;default&#8220; text_font=&#8220;|700|||||||&#8220; text_font_size=&#8220;20px&#8220; custom_margin=&#8220;45px||-50px||false|false&#8220; global_colors_info=&#8220;{}&#8220;]<\/p>\n<p>Wir begr\u00fc\u00dfen die neuen Senatoren und Senatorinnen:<\/p>\n<p>[\/et_pb_text][\/et_pb_column][et_pb_column type=&#8220;1_2&#8243; _builder_version=&#8220;4.24.0&#8243; _module_preset=&#8220;default&#8220; global_colors_info=&#8220;{}&#8220;][\/et_pb_column][\/et_pb_row][et_pb_row _builder_version=&#8220;4.22.1&#8243; _module_preset=&#8220;default&#8220; custom_padding=&#8220;0px|||||&#8220; global_colors_info=&#8220;{}&#8220;][et_pb_column type=&#8220;4_4&#8243; _builder_version=&#8220;4.22.1&#8243; _module_preset=&#8220;default&#8220; global_colors_info=&#8220;{}&#8220;][dipi_carousel columns=&#8220;5&#8243; loop_wide=&#8220;on&#8220; autoplay_wide=&#8220;on&#8220; navigation=&#8220;on&#8220; navigation_prev_icon_yn=&#8220;on&#8220; navigation_prev_icon=&#8220;&#x23;||divi||400&#8243; navigation_next_icon_yn=&#8220;on&#8220; navigation_next_icon=&#8220;&#x24;||divi||400&#8243; navigation_color=&#8220;#000000&#8243; navigation_bg_color=&#8220;#e5e5e5&#8243; navigation_circle=&#8220;on&#8220; pagination_active_color=&#8220;#000000&#8243; columns_tablet=&#8220;2&#8243; columns_phone=&#8220;1&#8243; columns_last_edited=&#8220;on|phone&#8220; space_between_tablet=&#8220;&#8220; space_between_phone=&#8220;34&#8243; space_between_last_edited=&#8220;on|phone&#8220; navigation_tablet=&#8220;on&#8220; navigation_phone=&#8220;off&#8220; navigation_last_edited=&#8220;on|phone&#8220; _builder_version=&#8220;4.24.0&#8243; _module_preset=&#8220;default&#8220; title_font=&#8220;Poppins||||||||&#8220; title_font_size=&#8220;15px&#8220; global_colors_info=&#8220;{}&#8220;][dipi_carousel_child label=&#8220;hertel&#8220; title_text=&#8220;Philipp Hertel&#8220; desc_text=&#8220;<\/p>\n<p>Zahnarztpraxis Hertel<\/p>\n<p>&#8220; _builder_version=&#8220;4.24.0&#8243; _module_preset=&#8220;default&#8220; title_font_size=&#8220;18px&#8220; background_color=&#8220;#e2e2e2&#8243; background_enable_color=&#8220;on&#8220; border_radii=&#8220;on|23px|23px|23px|23px&#8220; global_colors_info=&#8220;{}&#8220;][\/dipi_carousel_child][dipi_carousel_child label=&#8220;lechner&#8220; title_text=&#8220;Dr. Dr. (Phd-UCN) Johann Lechner &#8220; desc_text=&#8220;<\/p>\n<p>Praxisklinik f\u00fcr Ganzheitliche ZahnMedizin<\/p>\n<p>&#8220; _builder_version=&#8220;4.24.0&#8243; _module_preset=&#8220;default&#8220; title_font_size=&#8220;18px&#8220; background_color=&#8220;#e2e2e2&#8243; background_enable_color=&#8220;on&#8220; border_radii=&#8220;on|23px|23px|23px|23px&#8220; global_colors_info=&#8220;{}&#8220;][\/dipi_carousel_child][dipi_carousel_child label=&#8220;huber&#8220; title_text=&#8220;Robert Huber&#8220; desc_text=&#8220;<\/p>\n<p>DDHT GmbH&#038;Co.KG &#8211; CaviTAU<\/p>\n<p>&#8220; _builder_version=&#8220;4.24.0&#8243; _module_preset=&#8220;default&#8220; title_font_size=&#8220;18px&#8220; background_color=&#8220;#e2e2e2&#8243; background_enable_color=&#8220;on&#8220; border_radii=&#8220;on|23px|23px|23px|23px&#8220; global_colors_info=&#8220;{}&#8220;][\/dipi_carousel_child][dipi_carousel_child label=&#8220;fritsch&#8220; title_text=&#8220;Prof. Dr. med. dent. Tilman Fritsch&#8220; desc_text=&#8220;<\/p>\n<p>NAM- Zahnheilkunde<\/p>\n<p>&#8220; _builder_version=&#8220;4.24.0&#8243; _module_preset=&#8220;default&#8220; title_font_size=&#8220;18px&#8220; background_color=&#8220;#e2e2e2&#8243; background_enable_color=&#8220;on&#8220; border_radii=&#8220;on|23px|23px|23px|23px&#8220; global_colors_info=&#8220;{}&#8220;][\/dipi_carousel_child][dipi_carousel_child label=&#8220;Gaebler-Wolfrum&#8220; title_text=&#8220;Dr. med. dent. Carmen-Veronika Gaebler-Wolfrum&#8220; desc_text=&#8220;<\/p>\n<p>Art &#038; Dentistry Zahnarztpraxis<\/p>\n<p>&#8220; _builder_version=&#8220;4.24.0&#8243; _module_preset=&#8220;default&#8220; title_font_size=&#8220;18px&#8220; background_color=&#8220;#e2e2e2&#8243; background_enable_color=&#8220;on&#8220; border_radii=&#8220;on|23px|23px|23px|23px&#8220; global_colors_info=&#8220;{}&#8220;][\/dipi_carousel_child][dipi_carousel_child label=&#8220;ritzer&#8220; title_text=&#8220;Christian Ritzer&#8220; desc_text=&#8220;<\/p>\n<p>Anusan Medical GmbH<\/p>\n<p>&#8220; _builder_version=&#8220;4.24.0&#8243; _module_preset=&#8220;default&#8220; title_font_size=&#8220;18px&#8220; background_color=&#8220;#e2e2e2&#8243; background_enable_color=&#8220;on&#8220; border_radii=&#8220;on|23px|23px|23px|23px&#8220; global_colors_info=&#8220;{}&#8220;][\/dipi_carousel_child][dipi_carousel_child label=&#8220;Brackmann&#8220; title_text=&#8220;Dr. med. dent. Sabine Brackmann&#8220; desc_text=&#8220;<\/p>\n<p>Zahnarztpraxis im Georgshof<\/p>\n<p>&#8220; _builder_version=&#8220;4.24.0&#8243; _module_preset=&#8220;default&#8220; title_font_size=&#8220;18px&#8220; background_color=&#8220;#e2e2e2&#8243; background_enable_color=&#8220;on&#8220; border_radii=&#8220;on|23px|23px|23px|23px&#8220; global_colors_info=&#8220;{}&#8220;][\/dipi_carousel_child][dipi_carousel_child label=&#8220;boger&#8220; title_text=&#8220;Kamala Boger&#8220; desc_text=&#8220;<\/p>\n<p>esentiXX+ GmbH<\/p>\n<p>&#8220; _builder_version=&#8220;4.24.0&#8243; _module_preset=&#8220;default&#8220; title_font_size=&#8220;18px&#8220; background_color=&#8220;#e2e2e2&#8243; background_enable_color=&#8220;on&#8220; border_radii=&#8220;on|23px|23px|23px|23px&#8220; global_colors_info=&#8220;{}&#8220;][\/dipi_carousel_child][dipi_carousel_child label=&#8220;M\u00fcllejans&#8220; title_text=&#8220;Prof. Dr. Dr. Dr. Rolf M\u00fcllejans&#8220; desc_text=&#8220;<\/p>\n<p>Stadtwald ZMVZ GmbH<\/p>\n<p>&#8220; _builder_version=&#8220;4.24.0&#8243; _module_preset=&#8220;default&#8220; title_font_size=&#8220;18px&#8220; background_color=&#8220;#e2e2e2&#8243; background_enable_color=&#8220;on&#8220; border_radii=&#8220;on|23px|23px|23px|23px&#8220; global_colors_info=&#8220;{}&#8220;][\/dipi_carousel_child][dipi_carousel_child label=&#8220;Warnecke&#8220; title_text=&#8220;Mark Warnecke&#8220; desc_text=&#8220;<\/p>\n<p>AMSPORT GmbH<\/p>\n<p>&#8220; _builder_version=&#8220;4.24.0&#8243; _module_preset=&#8220;default&#8220; title_font_size=&#8220;18px&#8220; background_color=&#8220;#e2e2e2&#8243; background_enable_color=&#8220;on&#8220; border_radii=&#8220;on|23px|23px|23px|23px&#8220; global_colors_info=&#8220;{}&#8220;][\/dipi_carousel_child][dipi_carousel_child label=&#8220;Bednarik &#8220; title_text=&#8220;Dirk Bednarik &#8220; desc_text=&#8220;<\/p>\n<p>Zahnarztpraxis Dirk Bednarik<\/p>\n<p>&#8220; _builder_version=&#8220;4.24.0&#8243; _module_preset=&#8220;default&#8220; title_font_size=&#8220;18px&#8220; background_color=&#8220;#e2e2e2&#8243; background_enable_color=&#8220;on&#8220; border_radii=&#8220;on|23px|23px|23px|23px&#8220; global_colors_info=&#8220;{}&#8220;][\/dipi_carousel_child][dipi_carousel_child label=&#8220;Jaberg&#8220; title_text=&#8220;Thomas Jaberg&#8220; desc_text=&#8220;<\/p>\n<p><span>MEDENTiKA<\/span><sup>\u00ae<\/sup><span> GmbH<\/span><\/p>\n<p>&#8220; _builder_version=&#8220;4.24.0&#8243; _module_preset=&#8220;default&#8220; title_font_size=&#8220;18px&#8220; background_color=&#8220;#e2e2e2&#8243; background_enable_color=&#8220;on&#8220; border_radii=&#8220;on|23px|23px|23px|23px&#8220; global_colors_info=&#8220;{}&#8220;][\/dipi_carousel_child][dipi_carousel_child label=&#8220;Nilius&#8220; title_text=&#8220;Prof. Dr. med Dr. med. dent. Manfred Nilius M.Sc.&#8220; desc_text=&#8220;<\/p>\n<p>Praxisklinik Nilius<\/p>\n<p>&#8220; _builder_version=&#8220;4.24.0&#8243; _module_preset=&#8220;default&#8220; title_font_size=&#8220;18px&#8220; background_color=&#8220;#e2e2e2&#8243; background_enable_color=&#8220;on&#8220; border_radii=&#8220;on|23px|23px|23px|23px&#8220; global_colors_info=&#8220;{}&#8220;][\/dipi_carousel_child][dipi_carousel_child label=&#8220;Fricke&#8220; title_text=&#8220;Dr. med. dent. Clemens Fricke&#8220; desc_text=&#8220;<\/p>\n<p>Fricke &#038; Ritschel | Fachzahn\u00e4rzte f\u00fcr Kieferorthop\u00e4die<\/p>\n<p>&#8220; _builder_version=&#8220;4.24.0&#8243; _module_preset=&#8220;default&#8220; title_font_size=&#8220;18px&#8220; background_color=&#8220;#e2e2e2&#8243; background_enable_color=&#8220;on&#8220; border_radii=&#8220;on|23px|23px|23px|23px&#8220; global_colors_info=&#8220;{}&#8220;][\/dipi_carousel_child][\/dipi_carousel][dipi_button_grid flex_direction=&#8220;row&#8220; flex_wrap_tablet=&#8220;&#8220; flex_wrap_phone=&#8220;off&#8220; flex_wrap_last_edited=&#8220;on|phone&#8220; disabled_on=&#8220;off|off|off&#8220; _builder_version=&#8220;4.24.0&#8243; _module_preset=&#8220;default&#8220; custom_margin=&#8220;-8px|||||&#8220; locked=&#8220;off&#8220; global_colors_info=&#8220;{}&#8220;][dipi_button_grid_child button_id=&#8220;Read More&#8220; button_text=&#8220;Senator nominieren&#8220; button_link=&#8220;#nominierung&#8220; _builder_version=&#8220;4.24.0&#8243; _module_preset=&#8220;default&#8220; custom_button=&#8220;on&#8220; button_text_size=&#8220;15px&#8220; button_text_color=&#8220;#FFFFFF&#8220; button_bg_color=&#8220;#FE5E15&#8243; button_border_width=&#8220;1px&#8220; button_border_color=&#8220;#FE5E15&#8243; button_border_radius=&#8220;30px&#8220; button_font=&#8220;Poppins|||on|||||&#8220; button_use_icon=&#8220;off&#8220; button_custom_padding=&#8220;15px|35px|15px|35px|true|true&#8220; button_custom_padding_tablet=&#8220;15px|35px|15px|35px|true|true&#8220; button_custom_padding_phone=&#8220;13px|20px|13px|20px|true|true&#8220; button_custom_padding_last_edited=&#8220;on|phone&#8220; button_text_size_phone=&#8220;15px&#8220; button_text_size_last_edited=&#8220;off|phone&#8220; global_colors_info=&#8220;{}&#8220; button_bg_color__hover_enabled=&#8220;on|hover&#8220; button_bg_color__hover=&#8220;#FFFFFF&#8220; button_bg_enable_color__hover=&#8220;on&#8220; button_border_color__hover_enabled=&#8220;on|hover&#8220; button_border_color__hover=&#8220;#FFFFFF&#8220; button_text_color__hover_enabled=&#8220;on|hover&#8220; button_text_color__hover=&#8220;#FE5E15&#8243;][\/dipi_button_grid_child][dipi_button_grid_child button_id=&#8220;Contact us&#8220; button_text=&#8220;Ablauf der Ernennung&#8220; button_link=&#8220;#senat&#8220; _builder_version=&#8220;4.24.0&#8243; _module_preset=&#8220;default&#8220; custom_button=&#8220;on&#8220; button_text_size=&#8220;15px&#8220; button_text_color=&#8220;#000000&#8243; button_bg_color=&#8220;#F5F5F5&#8243; button_border_width=&#8220;1px&#8220; button_border_color=&#8220;#FFFFFF&#8220; button_border_radius=&#8220;36px&#8220; button_font=&#8220;Poppins|||on|||||&#8220; button_use_icon=&#8220;off&#8220; button_custom_padding=&#8220;15px|35px|15px|35px|true|true&#8220; button_custom_padding_tablet=&#8220;15px|35px|15px|35px|true|true&#8220; button_custom_padding_phone=&#8220;13px|20px|13px|20px|true|true&#8220; button_custom_padding_last_edited=&#8220;on|phone&#8220; global_colors_info=&#8220;{}&#8220; button_text_color__hover_enabled=&#8220;on|hover&#8220; button_text_color__hover=&#8220;#FFFFFF&#8220; button_bg_color__hover_enabled=&#8220;on|hover&#8220; button_bg_color__hover=&#8220;#FE5E15&#8243; button_bg_enable_color__hover=&#8220;on&#8220; button_border_color__hover_enabled=&#8220;on|hover&#8220; button_border_color__hover=&#8220;#FE5E15&#8243;][\/dipi_button_grid_child][\/dipi_button_grid][\/et_pb_column][\/et_pb_row][\/et_pb_section][et_pb_section fb_built=&#8220;1&#8243; module_id=&#8220;senat&#8220; _builder_version=&#8220;4.24.0&#8243; _module_preset=&#8220;default&#8220; custom_padding=&#8220;0px|||||&#8220; locked=&#8220;off&#8220; global_colors_info=&#8220;{}&#8220;][et_pb_row _builder_version=&#8220;4.16&#8243; _module_preset=&#8220;default&#8220; global_colors_info=&#8220;{}&#8220;][et_pb_column type=&#8220;4_4&#8243; _builder_version=&#8220;4.16&#8243; _module_preset=&#8220;default&#8220; global_colors_info=&#8220;{}&#8220;][dipi_timeline timeline_active_line_color=&#8220;#fe5e15&#8243; card_arrow_size=&#8220;18px&#8220; card_arrow_color=&#8220;#e8e8e8&#8243; _builder_version=&#8220;4.27.8&#8243; _module_preset=&#8220;default&#8220; custom_margin=&#8220;|12px||12px|false|false&#8220; hover_enabled=&#8220;0&#8243; global_colors_info=&#8220;{}&#8220; sticky_enabled=&#8220;0&#8243;][dipi_timeline_item title=&#8220;Schritt 1: Nominierung&#8220; timeline_icon_color=&#8220;#000000&#8243; _builder_version=&#8220;4.27.8&#8243; _module_preset=&#8220;default&#8220; header_font=&#8220;Poppins||||||||&#8220; header_font_size=&#8220;22px&#8220; background_color=&#8220;#e8e8e8&#8243; background_enable_color=&#8220;on&#8220; hover_enabled=&#8220;0&#8243; global_colors_info=&#8220;{}&#8220; ribbon_circle_color__hover_enabled=&#8220;on|hover&#8220; ribbon_circle_color__hover=&#8220;#FE5E15&#8243; sticky_enabled=&#8220;0&#8243;]<\/p>\n<p>Die Senatorinnen und Senatoren werden dem Vorstand und dem Kuratorium der Deutschen Mundgesundheitsstiftung vorgeschlagen, die \u00fcber die Berufung entscheiden.<\/p>\n<p>[\/dipi_timeline_item][dipi_timeline_item title=&#8220;Schritt 2: Pers\u00f6nliche Gespr\u00e4che&#8220; card_content_padding=&#8220;||||false|false&#8220; card_content_padding_tablet=&#8220;||||false|false&#8220; card_content_padding_phone=&#8220;|30px|||false|false&#8220; card_content_padding_last_edited=&#8220;on|phone&#8220; _builder_version=&#8220;4.27.8&#8243; _module_preset=&#8220;default&#8220; header_font=&#8220;Poppins||||||||&#8220; header_font_size=&#8220;22px&#8220; background_color=&#8220;#e8e8e8&#8243; background_enable_color=&#8220;on&#8220; hover_enabled=&#8220;0&#8243; global_colors_info=&#8220;{}&#8220; ribbon_circle_color__hover_enabled=&#8220;on|hover&#8220; ribbon_circle_color__hover=&#8220;#fe5e15&#8243; sticky_enabled=&#8220;0&#8243;]<\/p>\n<p>Der Berufung geht stets ein pers\u00f6nliches Gespr\u00e4ch \u00fcber Ziele, Inhalte und Mitwirkung voraus.<\/p>\n<p>[\/dipi_timeline_item][dipi_timeline_item title=&#8220;Schritt 3: Bearbeitung in den Gremien&#8220; _builder_version=&#8220;4.27.8&#8243; _module_preset=&#8220;default&#8220; header_font=&#8220;Poppins||||||||&#8220; header_font_size=&#8220;22px&#8220; background_color=&#8220;#e8e8e8&#8243; background_enable_color=&#8220;on&#8220; hover_enabled=&#8220;0&#8243; global_colors_info=&#8220;{}&#8220; ribbon_circle_color__hover_enabled=&#8220;on|hover&#8220; ribbon_circle_color__hover=&#8220;#fe5e15&#8243; sticky_enabled=&#8220;0&#8243;]<\/p>\n<p>Wird die Aufnahme in den <span>GesundheitsSenat der DMS empfohlen<\/span>, wird dies in den Gremien gew\u00fcrdigt.<\/p>\n<p>[\/dipi_timeline_item][dipi_timeline_item title=&#8220;Schritt 4: Offizielle Berufung&#8220; _builder_version=&#8220;4.27.8&#8243; _module_preset=&#8220;default&#8220; header_font=&#8220;Poppins||||||||&#8220; header_font_size=&#8220;22px&#8220; background_color=&#8220;#e8e8e8&#8243; background_enable_color=&#8220;on&#8220; hover_enabled=&#8220;0&#8243; global_colors_info=&#8220;{}&#8220; ribbon_circle_color__hover_enabled=&#8220;on|hover&#8220; ribbon_circle_color__hover=&#8220;#fe5e15&#8243; sticky_enabled=&#8220;0&#8243;]<\/p>\n<p>Abschluss des Aufnahmeverfahrens ist die offizielle Berufung zur Gesundheitssenatorin bzw. -senator mit \u00dcberreichung der Berufungsurkunde.<\/p>\n<p>[\/dipi_timeline_item][\/dipi_timeline][\/et_pb_column][\/et_pb_row][\/et_pb_section][et_pb_section fb_built=&#8220;1&#8243; _builder_version=&#8220;4.22.1&#8243; _module_preset=&#8220;default&#8220; background_color=&#8220;#e5e5e5&#8243; custom_padding=&#8220;34px||30px|||&#8220; locked=&#8220;off&#8220; global_colors_info=&#8220;{}&#8220;][et_pb_row column_structure=&#8220;1_2,1_2&#8243; _builder_version=&#8220;4.22.1&#8243; _module_preset=&#8220;default&#8220; global_colors_info=&#8220;{}&#8220;][et_pb_column type=&#8220;1_2&#8243; _builder_version=&#8220;4.22.1&#8243; _module_preset=&#8220;default&#8220; global_colors_info=&#8220;{}&#8220;][et_pb_text _builder_version=&#8220;4.27.8&#8243; _module_preset=&#8220;default&#8220; header_2_font=&#8220;Poppins||||||||&#8220; header_2_font_size=&#8220;27px&#8220; hover_enabled=&#8220;0&#8243; locked=&#8220;off&#8220; global_colors_info=&#8220;{}&#8220; sticky_enabled=&#8220;0&#8243;]<\/p>\n<h2><span>Die Mission<\/span><\/h2>\n<p>Die DMS ist eine Vereinigung von Pers\u00f6nlichkeiten der Medizin, Gesundheitswirtschaft und Wissenschaft, die sich ihrer Verantwortung gegen\u00fcber Staat und Gesellschaft besonders bewusst sind.<\/p>\n<p>Sie tragen durch ihre Mitgliedschaft gemeinsam dazu bei, die Ziele der Stiftung im Dialog mit Entscheidungstr\u00e4gern aus Politik, Wissenschaft und Medien umzusetzen.<\/p>\n<p>So partizipieren die Mitglieder an der politischen Entscheidungsfindung wirkungsvoll.\u00a0<\/p>\n<p>Ein ausgewogener Kreis von plural und offen denkenden Expertinnen und Experten folgt dem Gemeinwohl, anstatt allein partikularen Interessen.\u00a0<\/p>\n<p>Die oral-systemische Gesundheit ist l\u00e4ngst aus einer Nische herausgewachsen. Die wissenschaftlichen Belege \u00fcber das enge Zusammenspiel von Mund- und K\u00f6rpergesundheit sind mittlerweile erdr\u00fcckend und ein entscheidend wichtiges Thema f\u00fcr das Allgemeinwohl. Dennoch wird diese\u00a0 Mund-K\u00f6rper-Achse von der Zahnmedizin und der Medizin weitgehend ignoriert.<\/p>\n<p>Dies hat auch die DMS erkannt und deshalb den GesundheitsSenat in der DMS ins Leben gerufen.<\/p>\n<p>[\/et_pb_text][et_pb_text disabled_on=&#8220;off|off|off&#8220; _builder_version=&#8220;4.24.0&#8243; _module_preset=&#8220;default&#8220; header_2_font=&#8220;Poppins||||||||&#8220; header_2_font_size=&#8220;27px&#8220; custom_margin=&#8220;42px|||||&#8220; global_colors_info=&#8220;{}&#8220;]<\/p>\n<h2>Beitragsordnung<\/h2>\n<p><span>PARTNERSCHAFT IM GESUNDHEITSSENAT DER DMS<\/span><\/p>\n<p><span>(g\u00fcltig ab 01.02.2024)<\/span><\/p>\n<p>[\/et_pb_text][et_pb_button button_url=&#8220;https:\/\/gesundheitssenat.de\/wp-content\/uploads\/2024\/03\/Beitragsordnung-GesundheitsSenat-gueltig-ab-01.02.2024.pdf&#8220; url_new_window=&#8220;on&#8220; button_text=&#8220;BEITRAGSODNUNG HERUNTERLADEN&#8220; disabled_on=&#8220;off|off|off&#8220; _builder_version=&#8220;4.24.0&#8243; _module_preset=&#8220;default&#8220; custom_button=&#8220;on&#8220; button_text_size=&#8220;14px&#8220; button_text_color=&#8220;#FFFFFF&#8220; button_bg_color=&#8220;#FE5E15&#8243; button_border_width=&#8220;0px&#8220; button_border_radius=&#8220;30px&#8220; custom_padding=&#8220;12px|22px|12px|22px|true|true&#8220; global_colors_info=&#8220;{}&#8220;][\/et_pb_button][\/et_pb_column][et_pb_column type=&#8220;1_2&#8243; _builder_version=&#8220;4.22.1&#8243; _module_preset=&#8220;default&#8220; global_colors_info=&#8220;{}&#8220;][et_pb_text _builder_version=&#8220;4.27.8&#8243; _module_preset=&#8220;default&#8220; header_2_font=&#8220;Poppins||||||||&#8220; header_2_font_size=&#8220;27px&#8220; custom_padding=&#8220;|35px||||&#8220; hover_enabled=&#8220;0&#8243; global_colors_info=&#8220;{}&#8220; sticky_enabled=&#8220;0&#8243;]<\/p>\n<h2>Als Senator wirken<\/h2>\n<p>Alle Senatorinnen und Senatoren des GesundheitsSenat der DMS sind sich der Verantwortung f\u00fcr die gesellschaftliche Relevanz der Gesundheit, als sozialer Aufgabe f\u00fcr die Gesellschaft bewusst.<\/p>\n<p>daraus erw\u00e4chst eine Verantwortung auch f\u00fcr die Nachhaltigkeit des Handelns und ein Werteverst\u00e4ndnis f\u00fcr Gemeinwohl und Zukunftsf\u00e4higkeit.<\/p>\n<p>Wissenschaft und Forschung ebenso wie die Pr\u00e4vention und die ganzheitliche Medizin sind ein Wesensmerkmal der Wertegemeinschaft des GesundheitsSenat<\/p>\n<p>Senatorinnen und Senatoren tragen durch ihr Engagement gemeinsam dazu bei, die Ziele des GesundheitsSenat der DMS in der eigenen Organisation umzusetzen und in der \u00f6ffentlichen Diskussion daf\u00fcr Stellung zu beziehen und so einen aktiven Beitrag zur aktiven Gestaltung zur Pr\u00e4vention zu leisten.<\/p>\n<p>Der regelhafte Dialog mit den f\u00fchrenden Institutionen und Pers\u00f6nlichkeiten der Politik ist eine Kernaufgabe, die durch Impulse zu L\u00f6sungen f\u00fcr die Herausforderungen unserer Zeit beitragen soll. dabei werden keine partikularen ziele oder Interessen verfolgt.<\/p>\n<p>Zugleich zeichnen sich die Senatsmitglieder auch in ihrer fachlichen Qualit\u00e4t besonders aus. dies kann und soll auch gegen\u00fcber der \u00d6ffentlichkeit, auch in Bezug auf die Patienten und Klienten zum Ausdruck kommen k\u00f6nnen.<\/p>\n<p>[\/et_pb_text][\/et_pb_column][\/et_pb_row][\/et_pb_section][et_pb_section fb_built=&#8220;1&#8243; specialty=&#8220;on&#8220; padding_top_2=&#8220;50px&#8220; padding_right_2=&#8220;50px&#8220; padding_bottom_2=&#8220;50px&#8220; padding_left_2=&#8220;50px&#8220; padding_top_bottom_link_2=&#8220;true&#8220; padding_left_right_link_2=&#8220;true&#8220; padding_2_tablet=&#8220;&#8220; padding_2_phone=&#8220;30px|20px|30px|20px|true|true&#8220; padding_2_last_edited=&#8220;on|phone&#8220; custom_css_main_2=&#8220;box-shadow: 0px 2px 18px 0px rgb(100 130 208 \/ 17%);&#8220; module_id=&#8220;nominierung&#8220; _builder_version=&#8220;4.22.1&#8243; _module_preset=&#8220;default&#8220; background_color=&#8220;#efefef&#8220; custom_padding=&#8220;||0px|||&#8220; locked=&#8220;off&#8220; global_colors_info=&#8220;{}&#8220;][et_pb_column type=&#8220;1_2&#8243; specialty_columns=&#8220;2&#8243; _builder_version=&#8220;4.16&#8243; custom_padding=&#8220;|||&#8220; global_colors_info=&#8220;{}&#8220; custom_padding__hover=&#8220;|||&#8220;][et_pb_row_inner _builder_version=&#8220;4.16&#8243; _module_preset=&#8220;default&#8220; global_colors_info=&#8220;{}&#8220;][et_pb_column_inner saved_specialty_column_type=&#8220;1_2&#8243; _builder_version=&#8220;4.16&#8243; _module_preset=&#8220;default&#8220; global_colors_info=&#8220;{}&#8220;][dipi_dual_heading first_heading=&#8220;VON DEN VORTEILEN PROFITIEREN&#8220; use_background_text=&#8220;on&#8220; background_text=&#8220;Dabei sein&#8220; fh_padding=&#8220;0px|10px|0px|10px|false|true&#8220; bt_position_vertical=&#8220;25%&#8220; bt_style=&#8220;stroke&#8220; bt_stroke_color=&#8220;#e9ecef&#8220; bt_stroke_fill=&#8220;RGBA(255,255,255,0)&#8220; background_text_color_gradient_direction=&#8220;90deg&#8220; background_text_color_gradient_stops=&#8220;#00235a 0%|#7d8aa1 100%&#8220; background_text_color_gradient_start=&#8220;#00235a&#8220; background_text_color_gradient_end=&#8220;#7d8aa1&#8243; bt_padding=&#8220;0px|0px|0px||false|false&#8220; bt_margin=&#8220;|0px|0px|10px|false|false&#8220; _builder_version=&#8220;4.24.0&#8243; _module_preset=&#8220;default&#8220; first_heading_font=&#8220;Poppins||||||||&#8220; first_heading_text_color=&#8220;#FE5E15&#8243; first_heading_font_size=&#8220;14px&#8220; first_heading_letter_spacing=&#8220;3px&#8220; background_text_font=&#8220;|||on|||||&#8220; background_text_text_align=&#8220;left&#8220; background_text_font_size=&#8220;80px&#8220; text_orientation=&#8220;left&#8220; custom_margin=&#8220;||||false|false&#8220; background_text_font_size_tablet=&#8220;80px&#8220; background_text_font_size_phone=&#8220;50px&#8220; background_text_font_size_last_edited=&#8220;on|phone&#8220; background_text_line_height_phone=&#8220;2.6em&#8220; background_text_line_height_last_edited=&#8220;off|phone&#8220; custom_css_main_element=&#8220;margin-bottom: 25px !important;&#8220; border_color_left=&#8220;#FE5E15&#8243; border_width_left_bt_border=&#8220;5px&#8220; locked=&#8220;off&#8220; global_colors_info=&#8220;{}&#8220; background_text_text_color__hover_enabled=&#8220;off|desktop&#8220; overlay_bg_color_gradient_type_tablet=&#8220;linear&#8220; overlay_bg_color_gradient_type_phone=&#8220;linear&#8220; overlay_bg_color_gradient_type__hover=&#8220;linear&#8220; image_bg_color_gradient_type__hover=&#8220;linear&#8220;][\/dipi_dual_heading][et_pb_text _builder_version=&#8220;4.24.0&#8243; _module_preset=&#8220;default&#8220; header_2_font=&#8220;Poppins|700|||||||&#8220; header_2_font_size=&#8220;35px&#8220; header_2_line_height=&#8220;1.5em&#8220; custom_margin=&#8220;||10px||false|false&#8220; header_2_font_size_tablet=&#8220;35px&#8220; header_2_font_size_phone=&#8220;28px&#8220; header_2_font_size_last_edited=&#8220;on|phone&#8220; locked=&#8220;off&#8220; global_colors_info=&#8220;{}&#8220;]<\/p>\n<h2>Senator bzw. Senatorin nominieren<\/h2>\n<p>[\/et_pb_text][et_pb_text _builder_version=&#8220;4.24.0&#8243; _module_preset=&#8220;default&#8220; locked=&#8220;off&#8220; global_colors_info=&#8220;{}&#8220;]<\/p>\n<p>Als Senator bzw. Senatorin des Gesundheitssenats der DMS erhalten Sie viele profitable Vorteile. Neben Ihrer Reputation und einem wertvollen internationalen Netzwerk sichern Sie sich handfeste Vorteile f\u00fcr Ihre Praxis und Ihr Team.<\/p>\n<p>[\/et_pb_text][\/et_pb_column_inner][\/et_pb_row_inner][et_pb_row_inner column_structure=&#8220;1_2,1_2&#8243; use_custom_gutter=&#8220;on&#8220; _builder_version=&#8220;4.16&#8243; _module_preset=&#8220;default&#8220; custom_padding=&#8220;0px||0px||true|false&#8220; global_colors_info=&#8220;{}&#8220;][et_pb_column_inner type=&#8220;1_2&#8243; saved_specialty_column_type=&#8220;1_2&#8243; _builder_version=&#8220;4.16&#8243; _module_preset=&#8220;default&#8220; global_colors_info=&#8220;{}&#8220;][et_pb_blurb title=&#8220;Feierliche Senator-Ehrung im w\u00fcrdigen Rahmen&#8220; use_icon=&#8220;on&#8220; font_icon=&#8220;&#xf14a;||fa||900&#8243; icon_color=&#8220;#FE5E15&#8243; icon_placement=&#8220;left&#8220; image_icon_width=&#8220;15px&#8220; _builder_version=&#8220;4.27.8&#8243; _module_preset=&#8220;default&#8220; header_font=&#8220;Poppins||||||||&#8220; header_text_color=&#8220;#333333&#8243; header_font_size=&#8220;14px&#8220; header_line_height=&#8220;1.1em&#8220; custom_margin=&#8220;||15px||false|false&#8220; hover_enabled=&#8220;0&#8243; custom_css_blurb_title=&#8220;margin-left: -20px;&#8220; locked=&#8220;off&#8220; global_colors_info=&#8220;{}&#8220; sticky_enabled=&#8220;0&#8243;][\/et_pb_blurb][et_pb_blurb title=&#8220;Zugang zu selektierten Events des Senats der Wirtschaft&#8220; use_icon=&#8220;on&#8220; font_icon=&#8220;&#xf14a;||fa||900&#8243; icon_color=&#8220;#FE5E15&#8243; icon_placement=&#8220;left&#8220; image_icon_width=&#8220;15px&#8220; _builder_version=&#8220;4.24.0&#8243; _module_preset=&#8220;default&#8220; header_font=&#8220;Poppins||||||||&#8220; header_text_color=&#8220;#333333&#8243; header_font_size=&#8220;14px&#8220; header_line_height=&#8220;1.1em&#8220; custom_margin=&#8220;16px||0px||false|false&#8220; custom_css_blurb_title=&#8220;margin-left: -20px;&#8220; locked=&#8220;off&#8220; global_colors_info=&#8220;{}&#8220;][\/et_pb_blurb][et_pb_blurb title=&#8220;Integration in Globales Netzwerk&#8220; use_icon=&#8220;on&#8220; font_icon=&#8220;&#xf14a;||fa||900&#8243; icon_color=&#8220;#FE5E15&#8243; icon_placement=&#8220;left&#8220; image_icon_width=&#8220;15px&#8220; _builder_version=&#8220;4.24.0&#8243; _module_preset=&#8220;default&#8220; header_font=&#8220;Poppins||||||||&#8220; header_text_color=&#8220;#333333&#8243; header_font_size=&#8220;14px&#8220; header_line_height=&#8220;1.1em&#8220; custom_margin=&#8220;16px||0px||false|false&#8220; custom_css_blurb_title=&#8220;margin-left: -20px;&#8220; locked=&#8220;off&#8220; global_colors_info=&#8220;{}&#8220;][\/et_pb_blurb][et_pb_blurb title=&#8220;Beteiligung an Gremienarbeit inkl. Experten-Austausch&#8220; use_icon=&#8220;on&#8220; font_icon=&#8220;&#xf14a;||fa||900&#8243; icon_color=&#8220;#FE5E15&#8243; icon_placement=&#8220;left&#8220; image_icon_width=&#8220;15px&#8220; _builder_version=&#8220;4.24.0&#8243; _module_preset=&#8220;default&#8220; header_font=&#8220;Poppins||||||||&#8220; header_text_color=&#8220;#333333&#8243; header_font_size=&#8220;14px&#8220; header_line_height=&#8220;1.1em&#8220; custom_margin=&#8220;17px||0px||false|false&#8220; custom_padding=&#8220;||3px|||&#8220; custom_css_blurb_title=&#8220;margin-left: -20px;&#8220; locked=&#8220;off&#8220; global_colors_info=&#8220;{}&#8220;][\/et_pb_blurb][et_pb_blurb title=&#8220;Sichtbarkeit durch Auszeichnung &#038; erg\u00e4nzendes DMS Praxis-G\u00fctesiegel&#8220; use_icon=&#8220;on&#8220; font_icon=&#8220;&#xf14a;||fa||900&#8243; icon_color=&#8220;#FE5E15&#8243; icon_placement=&#8220;left&#8220; image_icon_width=&#8220;15px&#8220; _builder_version=&#8220;4.24.0&#8243; _module_preset=&#8220;default&#8220; header_font=&#8220;Poppins||||||||&#8220; header_text_color=&#8220;#333333&#8243; header_font_size=&#8220;14px&#8220; header_line_height=&#8220;1.1em&#8220; custom_margin=&#8220;||14px||false|false&#8220; custom_margin_tablet=&#8220;||||false|false&#8220; custom_margin_phone=&#8220;||15px||false|false&#8220; custom_margin_last_edited=&#8220;on|phone&#8220; custom_css_blurb_title=&#8220;margin-left: -20px;&#8220; locked=&#8220;off&#8220; global_colors_info=&#8220;{}&#8220;][\/et_pb_blurb][\/et_pb_column_inner][et_pb_column_inner type=&#8220;1_2&#8243; saved_specialty_column_type=&#8220;1_2&#8243; _builder_version=&#8220;4.16&#8243; _module_preset=&#8220;default&#8220; global_colors_info=&#8220;{}&#8220;][et_pb_blurb title=&#8220;Ausbildung Ihres Teams&#8220; use_icon=&#8220;on&#8220; font_icon=&#8220;&#xf14a;||fa||900&#8243; icon_color=&#8220;#FE5E15&#8243; icon_placement=&#8220;left&#8220; image_icon_width=&#8220;15px&#8220; _builder_version=&#8220;4.24.0&#8243; _module_preset=&#8220;default&#8220; header_font=&#8220;Poppins||||||||&#8220; header_text_color=&#8220;#333333&#8243; header_font_size=&#8220;14px&#8220; header_line_height=&#8220;1.1em&#8220; custom_margin=&#8220;||15px||false|false&#8220; custom_css_blurb_title=&#8220;margin-left: -20px;&#8220; locked=&#8220;off&#8220; global_colors_info=&#8220;{}&#8220;][\/et_pb_blurb][et_pb_blurb title=&#8220;Praxis-Profil im Praxisfinder&#8220; use_icon=&#8220;on&#8220; font_icon=&#8220;&#xf14a;||fa||900&#8243; icon_color=&#8220;#FE5E15&#8243; icon_placement=&#8220;left&#8220; image_icon_width=&#8220;15px&#8220; _builder_version=&#8220;4.24.0&#8243; _module_preset=&#8220;default&#8220; header_font=&#8220;Poppins||||||||&#8220; header_text_color=&#8220;#333333&#8243; header_font_size=&#8220;14px&#8220; header_line_height=&#8220;1.1em&#8220; custom_margin=&#8220;||0px||false|false&#8220; custom_css_blurb_title=&#8220;margin-left: -20px;&#8220; locked=&#8220;off&#8220; global_colors_info=&#8220;{}&#8220;][\/et_pb_blurb][et_pb_blurb title=&#8220;Google for jobs f\u00fcr Ihre Stellensuchen&#8220; use_icon=&#8220;on&#8220; font_icon=&#8220;&#xf14a;||fa||900&#8243; icon_color=&#8220;#FE5E15&#8243; icon_placement=&#8220;left&#8220; image_icon_width=&#8220;15px&#8220; _builder_version=&#8220;4.24.0&#8243; _module_preset=&#8220;default&#8220; header_font=&#8220;Poppins||||||||&#8220; header_text_color=&#8220;#333333&#8243; header_font_size=&#8220;14px&#8220; header_line_height=&#8220;1.1em&#8220; custom_margin=&#8220;17px||0px||false|false&#8220; custom_css_blurb_title=&#8220;margin-left: -20px;&#8220; locked=&#8220;off&#8220; global_colors_info=&#8220;{}&#8220;][\/et_pb_blurb][et_pb_blurb title=&#8220;Support durch Pressemitteilung und Social Media&#8220; use_icon=&#8220;on&#8220; font_icon=&#8220;&#xf14a;||fa||900&#8243; icon_color=&#8220;#FE5E15&#8243; icon_placement=&#8220;left&#8220; image_icon_width=&#8220;15px&#8220; _builder_version=&#8220;4.24.0&#8243; _module_preset=&#8220;default&#8220; header_font=&#8220;Poppins||||||||&#8220; header_text_color=&#8220;#333333&#8243; header_font_size=&#8220;14px&#8220; header_line_height=&#8220;1.1em&#8220; custom_margin=&#8220;17px||0px||false|false&#8220; custom_css_blurb_title=&#8220;margin-left: -20px;&#8220; locked=&#8220;off&#8220; global_colors_info=&#8220;{}&#8220;][\/et_pb_blurb][et_pb_blurb title=&#8220;Teilnahme an Klausurtagungen&#8220; use_icon=&#8220;on&#8220; font_icon=&#8220;&#xf14a;||fa||900&#8243; icon_color=&#8220;#FE5E15&#8243; icon_placement=&#8220;left&#8220; image_icon_width=&#8220;15px&#8220; _builder_version=&#8220;4.27.8&#8243; _module_preset=&#8220;default&#8220; header_font=&#8220;Poppins||||||||&#8220; header_text_color=&#8220;#333333&#8243; header_font_size=&#8220;14px&#8220; header_line_height=&#8220;1.1em&#8220; custom_margin=&#8220;16px||0px||false|false&#8220; hover_enabled=&#8220;0&#8243; custom_css_blurb_title=&#8220;margin-left: -20px;&#8220; locked=&#8220;off&#8220; global_colors_info=&#8220;{}&#8220; sticky_enabled=&#8220;0&#8243;][\/et_pb_blurb][\/et_pb_column_inner][\/et_pb_row_inner][et_pb_row_inner column_structure=&#8220;1_2,1_2&#8243; _builder_version=&#8220;4.16&#8243; _module_preset=&#8220;default&#8220; global_colors_info=&#8220;{}&#8220;][et_pb_column_inner type=&#8220;1_2&#8243; saved_specialty_column_type=&#8220;1_2&#8243; _builder_version=&#8220;4.16&#8243; _module_preset=&#8220;default&#8220; global_colors_info=&#8220;{}&#8220;][et_pb_blurb title=&#8220;Dirk-Rolf Gieselmann&#8220; image=&#8220;https:\/\/gesundheitssenat.de\/wp-content\/uploads\/2026\/09\/Dirk-Rolf-Gieselmann-Vorstandsvorsitzender.png&#8220; icon_placement=&#8220;left&#8220; image_icon_width=&#8220;80px&#8220; _builder_version=&#8220;4.27.8&#8243; _module_preset=&#8220;default&#8220; header_font=&#8220;Poppins||||||||&#8220; body_line_height=&#8220;1.5em&#8220; custom_css_blurb_title=&#8220;margin-top: 10px;&#8220; border_radii_image=&#8220;on|45px|45px|45px|45px&#8220; box_shadow_style_image=&#8220;preset1&#8243; global_colors_info=&#8220;{}&#8220;]<\/p>\n<p>Vorstand<\/p>\n<p>[\/et_pb_blurb][\/et_pb_column_inner][et_pb_column_inner type=&#8220;1_2&#8243; saved_specialty_column_type=&#8220;1_2&#8243; _builder_version=&#8220;4.16&#8243; _module_preset=&#8220;default&#8220; global_colors_info=&#8220;{}&#8220;][et_pb_image src=&#8220;https:\/\/gesundheitssenat.de\/wp-content\/uploads\/2026\/09\/Dirk-Rolf-Gieselmann.png&#8220; title_text=&#8220;Dirk-Rolf-Gieselmann&#8220; _builder_version=&#8220;4.27.8&#8243; _module_preset=&#8220;default&#8220; max_width=&#8220;85%&#8220; max_width_tablet=&#8220;85%&#8220; max_width_phone=&#8220;85%&#8220; max_width_last_edited=&#8220;on|desktop&#8220; custom_margin=&#8220;-27px||-27px||false|false&#8220; custom_margin_tablet=&#8220;-27px||-27px||false|false&#8220; custom_margin_phone=&#8220;||-90px||false|false&#8220; custom_margin_last_edited=&#8220;on|desktop&#8220; custom_padding=&#8220;0px||||false|false&#8220; global_colors_info=&#8220;{}&#8220;][\/et_pb_image][\/et_pb_column_inner][\/et_pb_row_inner][\/et_pb_column][et_pb_column type=&#8220;1_2&#8243; _builder_version=&#8220;4.16&#8243; custom_padding=&#8220;|||&#8220; global_colors_info=&#8220;{}&#8220; custom_padding__hover=&#8220;|||&#8220;][et_pb_contact_form captcha=&#8220;off&#8220; email=&#8220;info@die-mundgesundheitsstiftung.de&#8220; custom_message=&#8220;%%Titel%%||et_pb_line_break_holder||%%Name%%||et_pb_line_break_holder||%%E-Mail%%||et_pb_line_break_holder||%%Telefonnummer%%||et_pb_line_break_holder||%%Nachricht%%&#8220; success_message=&#8220;Vielen Dank f\u00fcr ihr Interesse! Wir melden uns schnellstm\u00f6glich zur\u00fcck.&#8220; _builder_version=&#8220;4.22.1&#8243; _module_preset=&#8220;default&#8220; _unique_id=&#8220;01b0c780-2ecd-4029-8d27-6bacd2a6a0e0&#8243; form_field_background_color=&#8220;#FFFFFF&#8220; form_field_text_color=&#8220;#333333&#8243; form_field_focus_background_color=&#8220;#FFFFFF&#8220; form_field_focus_text_color=&#8220;#333333&#8243; custom_button=&#8220;on&#8220; button_text_size=&#8220;15px&#8220; button_text_color=&#8220;#FFFFFF&#8220; button_bg_color=&#8220;#FE5E15&#8243; button_border_width=&#8220;0px&#8220; button_border_radius=&#8220;33px&#8220; button_letter_spacing=&#8220;3px&#8220; button_font=&#8220;Poppins|||on|||||&#8220; button_use_icon=&#8220;off&#8220; button_custom_margin=&#8220;5px||||false|false&#8220; button_custom_padding=&#8220;15px||15px||true|false&#8220; global_colors_info=&#8220;{}&#8220; button_bg_color__hover_enabled=&#8220;on|hover&#8220; button_bg_color__hover=&#8220;#00235A&#8220; button_bg_enable_color__hover=&#8220;on&#8220;][et_pb_contact_field field_id=&#8220;Titel&#8220; field_title=&#8220;Ich m\u00f6chte&#8220; field_type=&#8220;select&#8220; select_options=&#8220;%91{%22value%22:%22&#8230;jemanden als Senator:in nominieren%22,%22checked%22:0,%22dragID%22:-1},{%22value%22:%22&#8230;mich selbst nominieren%22,%22checked%22:0,%22dragID%22:0}%93&#8243; _builder_version=&#8220;4.22.1&#8243; border_width_all=&#8220;1px&#8220; border_color_all=&#8220;#e7eaf0&#8243; global_colors_info=&#8220;{}&#8220; button_text_size__hover_enabled=&#8220;off&#8220; button_one_text_size__hover_enabled=&#8220;off&#8220; button_two_text_size__hover_enabled=&#8220;off&#8220; button_text_color__hover_enabled=&#8220;off&#8220; button_one_text_color__hover_enabled=&#8220;off&#8220; button_two_text_color__hover_enabled=&#8220;off&#8220; button_border_width__hover_enabled=&#8220;off&#8220; button_one_border_width__hover_enabled=&#8220;off&#8220; button_two_border_width__hover_enabled=&#8220;off&#8220; button_border_color__hover_enabled=&#8220;off&#8220; button_one_border_color__hover_enabled=&#8220;off&#8220; button_two_border_color__hover_enabled=&#8220;off&#8220; button_border_radius__hover_enabled=&#8220;off&#8220; button_one_border_radius__hover_enabled=&#8220;off&#8220; button_two_border_radius__hover_enabled=&#8220;off&#8220; button_letter_spacing__hover_enabled=&#8220;off&#8220; button_one_letter_spacing__hover_enabled=&#8220;off&#8220; button_two_letter_spacing__hover_enabled=&#8220;off&#8220; button_bg_color__hover_enabled=&#8220;off&#8220; button_one_bg_color__hover_enabled=&#8220;off&#8220; button_two_bg_color__hover_enabled=&#8220;off&#8220;][\/et_pb_contact_field][et_pb_contact_field field_id=&#8220;Name&#8220; field_title=&#8220;Name&#8220; _builder_version=&#8220;4.20.4&#8243; border_width_all=&#8220;1px&#8220; border_color_all=&#8220;#e7eaf0&#8243; global_colors_info=&#8220;{}&#8220; button_text_size__hover_enabled=&#8220;off&#8220; button_one_text_size__hover_enabled=&#8220;off&#8220; button_two_text_size__hover_enabled=&#8220;off&#8220; button_text_color__hover_enabled=&#8220;off&#8220; button_one_text_color__hover_enabled=&#8220;off&#8220; button_two_text_color__hover_enabled=&#8220;off&#8220; button_border_width__hover_enabled=&#8220;off&#8220; button_one_border_width__hover_enabled=&#8220;off&#8220; button_two_border_width__hover_enabled=&#8220;off&#8220; button_border_color__hover_enabled=&#8220;off&#8220; button_one_border_color__hover_enabled=&#8220;off&#8220; button_two_border_color__hover_enabled=&#8220;off&#8220; button_border_radius__hover_enabled=&#8220;off&#8220; button_one_border_radius__hover_enabled=&#8220;off&#8220; button_two_border_radius__hover_enabled=&#8220;off&#8220; button_letter_spacing__hover_enabled=&#8220;off&#8220; button_one_letter_spacing__hover_enabled=&#8220;off&#8220; button_two_letter_spacing__hover_enabled=&#8220;off&#8220; button_bg_color__hover_enabled=&#8220;off&#8220; button_one_bg_color__hover_enabled=&#8220;off&#8220; button_two_bg_color__hover_enabled=&#8220;off&#8220;][\/et_pb_contact_field][et_pb_contact_field field_id=&#8220;E-Mail&#8220; field_title=&#8220;E-Mail&#8220; field_type=&#8220;email&#8220; fullwidth_field=&#8220;on&#8220; _builder_version=&#8220;4.20.4&#8243; border_width_all=&#8220;1px&#8220; border_color_all=&#8220;#e7eaf0&#8243; global_colors_info=&#8220;{}&#8220; button_text_size__hover_enabled=&#8220;off&#8220; button_one_text_size__hover_enabled=&#8220;off&#8220; button_two_text_size__hover_enabled=&#8220;off&#8220; button_text_color__hover_enabled=&#8220;off&#8220; button_one_text_color__hover_enabled=&#8220;off&#8220; button_two_text_color__hover_enabled=&#8220;off&#8220; button_border_width__hover_enabled=&#8220;off&#8220; button_one_border_width__hover_enabled=&#8220;off&#8220; button_two_border_width__hover_enabled=&#8220;off&#8220; button_border_color__hover_enabled=&#8220;off&#8220; button_one_border_color__hover_enabled=&#8220;off&#8220; button_two_border_color__hover_enabled=&#8220;off&#8220; button_border_radius__hover_enabled=&#8220;off&#8220; button_one_border_radius__hover_enabled=&#8220;off&#8220; button_two_border_radius__hover_enabled=&#8220;off&#8220; button_letter_spacing__hover_enabled=&#8220;off&#8220; button_one_letter_spacing__hover_enabled=&#8220;off&#8220; button_two_letter_spacing__hover_enabled=&#8220;off&#8220; button_bg_color__hover_enabled=&#8220;off&#8220; button_one_bg_color__hover_enabled=&#8220;off&#8220; button_two_bg_color__hover_enabled=&#8220;off&#8220;][\/et_pb_contact_field][et_pb_contact_field field_id=&#8220;Telefonnummer&#8220; field_title=&#8220;Telefonnummer &#8220; min_length=&#8220;10&#8243; max_length=&#8220;11&#8243; allowed_symbols=&#8220;numbers&#8220; fullwidth_field=&#8220;on&#8220; _builder_version=&#8220;4.20.4&#8243; _module_preset=&#8220;default&#8220; border_width_all=&#8220;1px&#8220; border_color_all=&#8220;#e7eaf0&#8243; global_colors_info=&#8220;{}&#8220;][\/et_pb_contact_field][et_pb_contact_field field_id=&#8220;Nachricht&#8220; field_title=&#8220;Nachricht&#8220; field_type=&#8220;text&#8220; fullwidth_field=&#8220;on&#8220; _builder_version=&#8220;4.20.4&#8243; border_width_all=&#8220;1px&#8220; border_color_all=&#8220;#e7eaf0&#8243; global_colors_info=&#8220;{}&#8220; button_text_size__hover_enabled=&#8220;off&#8220; button_one_text_size__hover_enabled=&#8220;off&#8220; button_two_text_size__hover_enabled=&#8220;off&#8220; button_text_color__hover_enabled=&#8220;off&#8220; button_one_text_color__hover_enabled=&#8220;off&#8220; button_two_text_color__hover_enabled=&#8220;off&#8220; button_border_width__hover_enabled=&#8220;off&#8220; button_one_border_width__hover_enabled=&#8220;off&#8220; button_two_border_width__hover_enabled=&#8220;off&#8220; button_border_color__hover_enabled=&#8220;off&#8220; button_one_border_color__hover_enabled=&#8220;off&#8220; button_two_border_color__hover_enabled=&#8220;off&#8220; button_border_radius__hover_enabled=&#8220;off&#8220; button_one_border_radius__hover_enabled=&#8220;off&#8220; button_two_border_radius__hover_enabled=&#8220;off&#8220; button_letter_spacing__hover_enabled=&#8220;off&#8220; button_one_letter_spacing__hover_enabled=&#8220;off&#8220; button_two_letter_spacing__hover_enabled=&#8220;off&#8220; button_bg_color__hover_enabled=&#8220;off&#8220; button_one_bg_color__hover_enabled=&#8220;off&#8220; button_two_bg_color__hover_enabled=&#8220;off&#8220;][\/et_pb_contact_field][et_pb_contact_field field_id=&#8220;Datenschutzerkl\u00e4rung&#8220; field_title=&#8220;Datenschutzerkl\u00e4rung&#8220; field_type=&#8220;checkbox&#8220; checkbox_options=&#8220;%91{%22value%22:%22Hiermit erkl\u00e4re ich mich mit der Datenschutzerkl\u00e4rung einverstanden.%22,%22checked%22:0,%22dragID%22:-1,%22link_url%22:%22https:\/\/die-mundgesundheitsstiftung.de\/datenschutzerklaerung\/%22}%93&#8243; fullwidth_field=&#8220;on&#8220; _builder_version=&#8220;4.20.4&#8243; _module_preset=&#8220;default&#8220; form_field_background_color=&#8220;#eaeaea&#8220; form_field_text_color=&#8220;#000000&#8243; form_field_focus_background_color=&#8220;#FFFFFF&#8220; form_field_focus_text_color=&#8220;#FFFFFF&#8220; global_colors_info=&#8220;{}&#8220;][\/et_pb_contact_field][\/et_pb_contact_form][\/et_pb_column][\/et_pb_section]<\/p>\n","protected":false},"excerpt":{"rendered":"<p>Gemeinsam Pr\u00e4vention<div class=\"et_pb_module dipi_typing_text dipi_typing_text_0\">\n\t\t\t\t\n\t\t\t\t\n\t\t\t\t\n\t\t\t\t\n\t\t\t\t\n\t\t\t\t\n\t\t\t\t<div class=\"et_pb_module_inner\">\n\t\t\t\t\t<div class=\"dipi-typing\">\n                <span class=\"dipi-typing-text-prefix\"><\/span>\n                <span class=\"dipi-typing-wrap\">\n                    <span class=\"dipi-typing-text\" data-dipi-loop=\"true\"\n            data-dipi-speed=\"100ms\"\n            data-dipi-backspeed=\"100ms\"\n            data-dipi-backdelay=\"100ms\"\n            data-dipi-show-cursor=\"true\"\n            data-dipi-cursor-char=\"|\"\n            data-dipi-typing-strings=\"[&quot;aktiv gestalten &quot;,&quot; neu denken &quot;,&quot; durch Wissenschaft und Praxis st\\u00e4rken&quot;]\"\n            data-dipi-typing-strings=\"[&quot;aktiv gestalten &quot;,&quot; neu denken &quot;,&quot; durch Wissenschaft und Praxis st\\u00e4rken&quot;]\"\n            data-dipi-typing-inviewport=\"off\"\n            data-dipi-typing-offset=\"75%\"\n            data-dipi-delay=\"0ms\"\n            ><\/span>\n                <\/span>\n                <span class=\"dipi-typing-text-suffix\"><\/span>\n            <\/div>\n\t\t\t\t<\/div>\n\t\t\t<\/div><div class=\"et_pb_module dipi_dual_heading dipi_dual_heading_0\">\n\t\t\t\t\n\t\t\t\t\n\t\t\t\t\n\t\t\t\t\n\t\t\t\t\n\t\t\t\t\n\t\t\t\t<div class=\"et_pb_module_inner\">\n\t\t\t\t\t\n                <div class=\"dipi-dual-heading \">\n                    <h2 class=\"dipi-dh-main\">\n                        <span class=\"dipi-dh-first-heading\">\n                            <span class=\"dipi-dh-animation-container\">\n                                <span class=\"dipi-dh-bg-container\">\n                                    &#8220;WISSENSCHAFT\n                                <\/span>\n                            <\/span>\n                        <\/span>\n                        <span class=\"dipi-dh-second-heading\">\n                            <span class=\"dipi-dh-animation-container\">\n                                <span class=\"dipi-dh-bg-container\">\n                                    \n                                <\/span>\n                            <\/span>\n                        <\/span>\n                    <\/h2>\n                <\/div>\n\t\t\t\t<\/div>\n\t\t\t<\/div><\/p>\n","protected":false},"author":1,"featured_media":0,"parent":0,"menu_order":0,"comment_status":"closed","ping_status":"closed","template":"","meta":{"_et_pb_use_builder":"on","_et_pb_old_content":"","_et_gb_content_width":"","footnotes":""},"dipi_cpt_category":[],"class_list":["post-23417493","page","type-page","status-publish","hentry"],"_links":{"self":[{"href":"https:\/\/gesundheitssenat.de\/index.php?rest_route=\/wp\/v2\/pages\/23417493","targetHints":{"allow":["GET"]}}],"collection":[{"href":"https:\/\/gesundheitssenat.de\/index.php?rest_route=\/wp\/v2\/pages"}],"about":[{"href":"https:\/\/gesundheitssenat.de\/index.php?rest_route=\/wp\/v2\/types\/page"}],"author":[{"embeddable":true,"href":"https:\/\/gesundheitssenat.de\/index.php?rest_route=\/wp\/v2\/users\/1"}],"replies":[{"embeddable":true,"href":"https:\/\/gesundheitssenat.de\/index.php?rest_route=%2Fwp%2Fv2%2Fcomments&post=23417493"}],"version-history":[{"count":12,"href":"https:\/\/gesundheitssenat.de\/index.php?rest_route=\/wp\/v2\/pages\/23417493\/revisions"}],"predecessor-version":[{"id":23417541,"href":"https:\/\/gesundheitssenat.de\/index.php?rest_route=\/wp\/v2\/pages\/23417493\/revisions\/23417541"}],"wp:attachment":[{"href":"https:\/\/gesundheitssenat.de\/index.php?rest_route=%2Fwp%2Fv2%2Fmedia&parent=23417493"}],"wp:term":[{"taxonomy":"dipi_cpt_category","embeddable":true,"href":"https:\/\/gesundheitssenat.de\/index.php?rest_route=%2Fwp%2Fv2%2Fdipi_cpt_category&post=23417493"}],"curies":[{"name":"wp","href":"https:\/\/api.w.org\/{rel}","templated":true}]}}